{"id":684,"date":"2022-07-20T22:49:19","date_gmt":"2022-07-21T01:49:19","guid":{"rendered":"https:\/\/institutos.ufrrj.br\/geociencias\/?page_id=684"},"modified":"2022-07-21T00:23:31","modified_gmt":"2022-07-21T03:23:31","slug":"dg-corpo-docente","status":"publish","type":"page","link":"https:\/\/institutos.ufrrj.br\/geociencias\/dg-corpo-docente\/","title":{"rendered":"Corpo Docente"},"content":{"rendered":"<h2 class=\"titulo-ultimas-noticias alert alert-secondary\">Docentes<\/h2>\n<div class=\"row row-eq-height\">\n  <!-- Andrea Carmo Sampaio --><\/p>\n<div class=\"col-md-4\" style=\"padding:3px !important\">\n<div class=\"card mb-4 box-shadow\" style=\"margin-bottom:0px !important\">\n<h5 class=\"font-weight-bold\" style=\"height:45px;text-align: center !important\">Andrea Carmo Sampaio<\/h5>\n<p style=\"text-align: center;height:inherit;padding:3px\" class=\"team-boxs\"><img decoding=\"async\" src=\"http:\/\/servicosweb.cnpq.br\/wspessoa\/servletrecuperafoto?tipo=1&amp;id=K4760480P0\" style=\"height:150px;width:150px;border:solid 2px #7d7d7d;border-radius: 50%\" title=\"Andrea Carmo Sampaio\"><\/p>\n<div class=\"card-body\" style=\"padding: 5px;text-align: center !important\">\n<div class=\"card-text\">\n<div style=\"text-align: center;font-size: 12px;font-weight: bold;padding:5px\"><i class=\"fa fa-envelope-o\"><\/i> andrea.c.sampaio@gmail.com<\/div>\n<p><a href=\"http:\/\/lattes.cnpq.br\/1013427557025026\" target=\"_blank\" title=\"Acesse o Curriculum Lattes\" style=\"text-align:center;font-size: 12px;font-weight: bold\" rel=\"noopener\"> <i class=\"fas fa-link\"><\/i> Curriculum Lattes<\/a><\/p>\n<p style=\"font-size: 13px !important;text-align: center;line-height:16px\"><b>Pesquisas:<\/b> Planejamento e meio-ambiente; pesquisa e an\u00e1lise socioambiental; uso do solo; educa\u00e7\u00e3o ambiental e educa\u00e7\u00e3o para a cidadania; geomorfologia, geomorfologia costeira, geomorfologia fluvial, analise ambiental<\/p>\n<\/div>\n<\/div>\n<\/div>\n<\/div>\n<p><!-- Andrews Jos\u00e9 de Lucena --><\/p>\n<div class=\"col-md-4\" style=\"padding:3px !important\">\n<div class=\"card mb-4 box-shadow\" style=\"margin-bottom:0px !important\">\n<h5 class=\"font-weight-bold\" style=\"height:45px;text-align: center !important\">Andrews Jos\u00e9 de Lucena<\/h5>\n<p style=\"text-align: center;height:inherit;padding:3px\" class=\"team-boxs\"><img decoding=\"async\" src=\"http:\/\/servicosweb.cnpq.br\/wspessoa\/servletrecuperafoto?tipo=1&amp;id=K4766494U3\" style=\"height:150px;width:150px;border:solid 2px #7d7d7d;border-radius: 50%\" title=\"Andrews Jos\u00e9 de Lucena\"><\/p>\n<div class=\"card-body\" style=\"padding: 5px;text-align: center !important\">\n<div class=\"card-text\">\n<div style=\"text-align: center;font-size: 12px;font-weight: bold;padding:5px\"><i class=\"fa fa-envelope-o\"><\/i> lucenageo@yahoo.com.br<\/div>\n<p><a href=\"http:\/\/lattes.cnpq.br\/6791843345876742\" target=\"_blank\" title=\"Acesse o Curriculum Lattes\" style=\"text-align:center;font-size: 12px;font-weight: bold\" rel=\"noopener\"> <i class=\"fas fa-link\"><\/i> Curriculum Lattes<\/a><\/p>\n<p style=\"font-size: 13px !important;text-align: center;line-height:16px\"><b>Pesquisas:<\/b> Climatologia Geogr\u00e1fica; Meteorologia Urbana; Modelagem Atmosf\u00e9rica-Hidrol\u00f3gica; Sensoriamento Remoto em \u00c1reas Urbanas; Desenvolvimento Urbano da Regi\u00e3o Metropolitana do Rio de Janeiro.<\/p>\n<\/div>\n<\/div>\n<\/div>\n<\/div>\n<p><!-- Andr\u00e9 Santos da Rocha --><\/p>\n<div class=\"col-md-4\" style=\"padding:3px !important\">\n<div class=\"card mb-4 box-shadow\" style=\"margin-bottom:0px !important\">\n<h5 class=\"font-weight-bold\" style=\"height:45px;text-align: center !important\">Andr\u00e9 Santos da Rocha<\/h5>\n<p style=\"text-align: center;height:inherit;padding:3px\" class=\"team-boxs\"><img decoding=\"async\" src=\"http:\/\/servicosweb.cnpq.br\/wspessoa\/servletrecuperafoto?tipo=1&amp;id=K4139026T6\" style=\"height:150px;width:150px;border:solid 2px #7d7d7d;border-radius: 50%\" title=\"Andr\u00e9 Santos da Rocha\"><\/p>\n<div class=\"card-body\" style=\"padding: 5px;text-align: center !important\">\n<div class=\"card-text\">\n<div style=\"text-align: center;font-size: 12px;font-weight: bold;padding:5px\"><i class=\"fa fa-envelope-o\"><\/i> asrgeo@gmail.com<\/div>\n<p><a href=\"http:\/\/lattes.cnpq.br\/2627389248313918\" target=\"_blank\" title=\"Acesse o Curriculum Lattes\" style=\"text-align:center;font-size: 12px;font-weight: bold\" rel=\"noopener\"> <i class=\"fas fa-link\"><\/i> Curriculum Lattes<\/a><\/p>\n<p style=\"font-size: 13px !important;text-align: center;line-height:16px\"><b>Pesquisas:<\/b> Geografia Urbana-Regional da Baixada Fluminense e Regi\u00e3o Metropolitana; Geografia Pol\u00edtica: Territ\u00f3rio e territorialidade, Pol\u00edticas P\u00fablicas e Coopera\u00e7\u00e3o territorial; Rela\u00e7\u00f5es Sul-Sul com \u00eanfase em Brasil-\u00c1frica e Geopol\u00edtica; Ensino de Geografia: Desenvolvimento de Material instrucional ou Did\u00e1tico, Pol\u00edticas p\u00fablicas na educa\u00e7\u00e3o, Curr\u00edculo Escolar.<\/p>\n<\/div>\n<\/div>\n<\/div>\n<\/div>\n<p><!-- Guilherme Ribeiro --><\/p>\n<div class=\"col-md-4\" style=\"padding:3px !important\">\n<div class=\"card mb-4 box-shadow\" style=\"margin-bottom:0px !important\">\n<h5 class=\"font-weight-bold\" style=\"height:45px;text-align: center !important\">Guilherme Ribeiro<\/h5>\n<p style=\"text-align: center;height:inherit;padding:3px\" class=\"team-boxs\"><img decoding=\"async\" src=\"http:\/\/servicosweb.cnpq.br\/wspessoa\/servletrecuperafoto?tipo=1&amp;id=K4757044T8\" style=\"height:150px;width:150px;border:solid 2px #7d7d7d;border-radius: 50%\" title=\"Guilherme Ribeiro\"><\/p>\n<div class=\"card-body\" style=\"padding: 5px;text-align: center !important\">\n<div class=\"card-text\">\n<div style=\"text-align: center;font-size: 12px;font-weight: bold;padding:5px\"><i class=\"fa fa-envelope-o\"><\/i> geofilos@msn.com<\/div>\n<p><a href=\"http:\/\/lattes.cnpq.br\/7817656334196950\" target=\"_blank\" title=\"Acesse o Curriculum Lattes\" style=\"text-align:center;font-size: 12px;font-weight: bold\" rel=\"noopener\"> <i class=\"fas fa-link\"><\/i> Curriculum Lattes<\/a><\/p>\n<p style=\"font-size: 13px !important;text-align: center;line-height:16px\"><b>Pesquisas:<\/b> Pol\u00edtica, Epistemologia e Hist\u00f3ria da Geografia; Geografia ?Cl\u00e1ssica?; Pensamento Geogr\u00e1fico Franc\u00eas (1871-1945); Geografia, Geopol\u00edtica e Modernidade; P\u00f3s-Colonialismo, Epistemologia Territorial e Geopol\u00edtica do Conhecimento; Narrativas, Discursos e Pol\u00edticas de Tradu\u00e7\u00e3o em Geografia; Geo-Hist\u00f3ria; Historiografia.<\/p>\n<\/div>\n<\/div>\n<\/div>\n<\/div>\n<p><!-- Gustavo Mota de Sousa --><\/p>\n<div class=\"col-md-4\" style=\"padding:3px !important\">\n<div class=\"card mb-4 box-shadow\" style=\"margin-bottom:0px !important\">\n<h5 class=\"font-weight-bold\" style=\"height:45px;text-align: center !important\">Gustavo Mota de Sousa<\/h5>\n<p style=\"text-align: center;height:inherit;padding:3px\" class=\"team-boxs\"><img decoding=\"async\" src=\"http:\/\/servicosweb.cnpq.br\/wspessoa\/servletrecuperafoto?tipo=1&amp;id=K4253940J9\" style=\"height:150px;width:150px;border:solid 2px #7d7d7d;border-radius: 50%\" title=\"Gustavo Mota de Sousa\"><\/p>\n<div class=\"card-body\" style=\"padding: 5px;text-align: center !important\">\n<div class=\"card-text\">\n<div style=\"text-align: center;font-size: 12px;font-weight: bold;padding:5px\"><i class=\"fa fa-envelope-o\"><\/i> gustavoms@ufrrj.br<\/div>\n<p><a href=\"http:\/\/lattes.cnpq.br\/3554715201484937\" target=\"_blank\" title=\"Acesse o Curriculum Lattes\" style=\"text-align:center;font-size: 12px;font-weight: bold\" rel=\"noopener\"> <i class=\"fas fa-link\"><\/i> Curriculum Lattes<\/a><\/p>\n<p style=\"font-size: 13px !important;text-align: center;line-height:16px\"><b>Pesquisas:<\/b> Sensoriamento Remoto do Ambiente; Classifica\u00e7\u00e3o de Imagens: an\u00e1lise de imagens baseada em objetos geogr\u00e1ficos ? GEOBIA, Minera\u00e7\u00e3o de Dados e Modelagem do Conhecimento; Cartografia Tem\u00e1tica e Digital; Geoprocessamento Aplicado \u00e0 An\u00e1lise Ambiental; Geoecologia da Paisagem; Geomorfologia.<\/p>\n<\/div>\n<\/div>\n<\/div>\n<\/div>\n<p><!-- Heitor Soares de Farias --><\/p>\n<div class=\"col-md-4\" style=\"padding:3px !important\">\n<div class=\"card mb-4 box-shadow\" style=\"margin-bottom:0px !important\">\n<h5 class=\"font-weight-bold\" style=\"height:45px;text-align: center !important\">Heitor Soares de Farias<\/h5>\n<p style=\"text-align: center;height:inherit;padding:3px\" class=\"team-boxs\"><img decoding=\"async\" src=\"http:\/\/servicosweb.cnpq.br\/wspessoa\/servletrecuperafoto?tipo=1&amp;id=K4705238Z6\" style=\"height:150px;width:150px;border:solid 2px #7d7d7d;border-radius: 50%\" title=\"Heitor Soares de Farias\"><\/p>\n<div class=\"card-body\" style=\"padding: 5px;text-align: center !important\">\n<div class=\"card-text\">\n<div style=\"text-align: center;font-size: 12px;font-weight: bold;padding:5px\"><i class=\"fa fa-envelope-o\"><\/i> profheitor79@gmail.com<\/div>\n<p><a href=\"http:\/\/lattes.cnpq.br\/3096676935395245\" target=\"_blank\" title=\"Acesse o Curriculum Lattes\" style=\"text-align:center;font-size: 12px;font-weight: bold\" rel=\"noopener\"> <i class=\"fas fa-link\"><\/i> Curriculum Lattes<\/a><\/p>\n<p style=\"font-size: 13px !important;text-align: center;line-height:16px\"><b>Pesquisas:<\/b> Mudan\u00e7as Clim\u00e1ticas; Climatologia Geogr\u00e1fica; Clima Urbano e Ilhas de Calor; Polui\u00e7\u00e3o Atmosf\u00e9rica; Impactos Hidromete\u00f3ricos; Modelos de Circula\u00e7\u00e3o Atmosf\u00e9rica; Geografia da Sa\u00fade; Planejamento e Gest\u00e3o Ambiental; Unidades de Conserva\u00e7\u00e3o e An\u00e1lise de Risco.<\/p>\n<\/div>\n<\/div>\n<\/div>\n<\/div>\n<p><!-- Karine Bueno Vargas --><\/p>\n<div class=\"col-md-4\" style=\"padding:3px !important\">\n<div class=\"card mb-4 box-shadow\" style=\"margin-bottom:0px !important\">\n<h5 class=\"font-weight-bold\" style=\"height:45px;text-align: center !important\">Karine Bueno Vargas<\/h5>\n<p style=\"text-align: center;height:inherit;padding:3px\" class=\"team-boxs\"><img decoding=\"async\" src=\"http:\/\/servicosweb.cnpq.br\/wspessoa\/servletrecuperafoto?tipo=1&amp;id=K4275271Z6\" style=\"height:150px;width:150px;border:solid 2px #7d7d7d;border-radius: 50%\" title=\"Karine Bueno Vargas\"><\/p>\n<div class=\"card-body\" style=\"padding: 5px;text-align: center !important\">\n<div class=\"card-text\">\n<div style=\"text-align: center;font-size: 12px;font-weight: bold;padding:5px\"><i class=\"fa fa-envelope-o\"><\/i> karibvargas@yahoo.com.br<\/div>\n<p><a href=\"http:\/\/lattes.cnpq.br\/2120588116159135\" target=\"_blank\" title=\"Acesse o Curriculum Lattes\" style=\"text-align:center;font-size: 12px;font-weight: bold\" rel=\"noopener\"> <i class=\"fas fa-link\"><\/i> Curriculum Lattes<\/a><\/p>\n<p style=\"font-size: 13px !important;text-align: center;line-height:16px\"><b>Pesquisas:<\/b> Geografia F\u00edsica, atuando principalmente nos seguintes temas: Geomorfologia, Biogeografia, Educa\u00e7\u00e3o Ambiental e Ensino de Geografia F\u00edsic<\/p>\n<\/div>\n<\/div>\n<\/div>\n<\/div>\n<p><!-- Leandro Dias de Oliveira --><\/p>\n<div class=\"col-md-4\" style=\"padding:3px !important\">\n<div class=\"card mb-4 box-shadow\" style=\"margin-bottom:0px !important\">\n<h5 class=\"font-weight-bold\" style=\"height:45px;text-align: center !important\">Leandro Dias de Oliveira<\/h5>\n<p style=\"text-align: center;height:inherit;padding:3px\" class=\"team-boxs\"><img decoding=\"async\" src=\"http:\/\/servicosweb.cnpq.br\/wspessoa\/servletrecuperafoto?tipo=1&amp;id=K4750819Z5\" style=\"height:150px;width:150px;border:solid 2px #7d7d7d;border-radius: 50%\" title=\"Leandro Dias de Oliveira\"><\/p>\n<div class=\"card-body\" style=\"padding: 5px;text-align: center !important\">\n<div class=\"card-text\">\n<div style=\"text-align: center;font-size: 12px;font-weight: bold;padding:5px\"><i class=\"fa fa-envelope-o\"><\/i> ldiasufrrj@gmail.com<\/div>\n<p><a href=\"http:\/\/lattes.cnpq.br\/5582910362793776\" target=\"_blank\" title=\"Acesse o Curriculum Lattes\" style=\"text-align:center;font-size: 12px;font-weight: bold\" rel=\"noopener\"> <i class=\"fas fa-link\"><\/i> Curriculum Lattes<\/a><\/p>\n<p style=\"font-size: 13px !important;text-align: center;line-height:16px\"><b>Pesquisas:<\/b> Geografia Econ\u00f4mica e da Ind\u00fastria; Neoliberalismo e Processos de Reestrutura\u00e7\u00e3o Territorial-Produtiva; Forma\u00e7\u00e3o de Novos Espa\u00e7os Fabris: Distritos, Clusters, Tecnopolos e Condom\u00ednios Industriais; Geopol\u00edtica do desenvolvimento sustent\u00e1vel e Problem\u00e1tica Ambiental Contempor\u00e2nea; A Cidade e a Ideologia do Desenvolvimento Sustent\u00e1vel.<\/p>\n<\/div>\n<\/div>\n<\/div>\n<\/div>\n<p><!-- Marcio Rufino Silva --><\/p>\n<div class=\"col-md-4\" style=\"padding:3px !important\">\n<div class=\"card mb-4 box-shadow\" style=\"margin-bottom:0px !important\">\n<h5 class=\"font-weight-bold\" style=\"height:45px;text-align: center !important\">Marcio Rufino Silva<\/h5>\n<p style=\"text-align: center;height:inherit;padding:3px\" class=\"team-boxs\"><img decoding=\"async\" src=\"http:\/\/servicosweb.cnpq.br\/wspessoa\/servletrecuperafoto?tipo=1&amp;id=K4759485Z3\" style=\"height:150px;width:150px;border:solid 2px #7d7d7d;border-radius: 50%\" title=\"Marcio Rufino Silva\"><\/p>\n<div class=\"card-body\" style=\"padding: 5px;text-align: center !important\">\n<div class=\"card-text\">\n<div style=\"text-align: center;font-size: 12px;font-weight: bold;padding:5px\"><i class=\"fa fa-envelope-o\"><\/i> marciorufis@gmail.com<\/div>\n<p><a href=\"http:\/\/lattes.cnpq.br\/6001195417301978\" target=\"_blank\" title=\"Acesse o Curriculum Lattes\" style=\"text-align:center;font-size: 12px;font-weight: bold\" rel=\"noopener\"> <i class=\"fas fa-link\"><\/i> Curriculum Lattes<\/a><\/p>\n<p style=\"font-size: 13px !important;text-align: center;line-height:16px\"><b>Pesquisas:<\/b> Geografia urbana; Urbaniza\u00e7\u00e3o Cr\u00edtica; Territ\u00f3rios e Territorialidades; Fronteiras Urbanas; Cotidiano e Vida Cotidiana; Metropoliza\u00e7\u00e3o; Planejamento Urbano e Cr\u00edtica \u00e0 Economia Pol\u00edtica.<\/p>\n<\/div>\n<\/div>\n<\/div>\n<\/div>\n<p><!-- Maurilio Lima Botelho --><\/p>\n<div class=\"col-md-4\" style=\"padding:3px !important\">\n<div class=\"card mb-4 box-shadow\" style=\"margin-bottom:0px !important\">\n<h5 class=\"font-weight-bold\" style=\"height:45px;text-align: center !important\">Maurilio Lima Botelho<\/h5>\n<p style=\"text-align: center;height:inherit;padding:3px\" class=\"team-boxs\"><img decoding=\"async\" src=\"http:\/\/servicosweb.cnpq.br\/wspessoa\/servletrecuperafoto?tipo=1&amp;id=K4765514Y5\" style=\"height:150px;width:150px;border:solid 2px #7d7d7d;border-radius: 50%\" title=\"Maurilio Lima Botelho\"><\/p>\n<div class=\"card-body\" style=\"padding: 5px;text-align: center !important\">\n<div class=\"card-text\">\n<div style=\"text-align: center;font-size: 12px;font-weight: bold;padding:5px\"><i class=\"fa fa-envelope-o\"><\/i> mauriliolimabotelho@gmail.com<\/div>\n<p><a href=\"http:\/\/lattes.cnpq.br\/8497914267709973\" target=\"_blank\" title=\"Acesse o Curriculum Lattes\" style=\"text-align:center;font-size: 12px;font-weight: bold\" rel=\"noopener\"> <i class=\"fas fa-link\"><\/i> Curriculum Lattes<\/a><\/p>\n<p style=\"font-size: 13px !important;text-align: center;line-height:16px\"><b>Pesquisas:<\/b> Capitalismo e Urbaniza\u00e7\u00e3o; Rela\u00e7\u00f5es Campo-Cidade; Cr\u00edtica da Economia Pol\u00edtica; Crise Urbana; Urbaniza\u00e7\u00e3o Brasileira; Teoria do Valor; Geografia e Sociologia; Sociedade do Trabalho; Geografia Hist\u00f3rica do Rio de Janeiro.<\/p>\n<\/div>\n<\/div>\n<\/div>\n<\/div>\n<p><!-- Nome --><\/p>\n<div class=\"col-md-4\" style=\"padding:3px !important\">\n<div class=\"card mb-4 box-shadow\" style=\"margin-bottom:0px !important\">\n<h5 class=\"font-weight-bold\" style=\"height:45px;text-align: center !important\">Nome<\/h5>\n<p style=\"text-align: center;height:inherit;padding:3px\" class=\"team-boxs\"><img decoding=\"async\" src=\"http:\/\/servicosweb.cnpq.br\/wspessoa\/servletrecuperafoto?tipo=1&amp;id=ID Foto Lattes\" style=\"height:150px;width:150px;border:solid 2px #7d7d7d;border-radius: 50%\" title=\"Nome\"><\/p>\n<div class=\"card-body\" style=\"padding: 5px;text-align: center !important\">\n<div class=\"card-text\">\n<div style=\"text-align: center;font-size: 12px;font-weight: bold;padding:5px\"><i class=\"fa fa-envelope-o\"><\/i> E-mail<\/div>\n<p><a href=\"Lattes\" target=\"_blank\" title=\"Acesse o Curriculum Lattes\" style=\"text-align:center;font-size: 12px;font-weight: bold\" rel=\"noopener\"> <i class=\"fas fa-link\"><\/i> Curriculum Lattes<\/a><\/p>\n<p style=\"font-size: 13px !important;text-align: center;line-height:16px\"><b>Pesquisas:<\/b> \u00c1reas Atua\u00e7\u00e3o<\/p>\n<\/div>\n<\/div>\n<\/div>\n<\/div>\n<p><!-- Tiago Badre Marino --><\/p>\n<div class=\"col-md-4\" style=\"padding:3px !important\">\n<div class=\"card mb-4 box-shadow\" style=\"margin-bottom:0px !important\">\n<h5 class=\"font-weight-bold\" style=\"height:45px;text-align: center !important\">Tiago Badre Marino<\/h5>\n<p style=\"text-align: center;height:inherit;padding:3px\" class=\"team-boxs\"><img decoding=\"async\" src=\"http:\/\/servicosweb.cnpq.br\/wspessoa\/servletrecuperafoto?tipo=1&amp;id=K4737011Z1\" style=\"height:150px;width:150px;border:solid 2px #7d7d7d;border-radius: 50%\" title=\"Tiago Badre Marino\"><\/p>\n<div class=\"card-body\" style=\"padding: 5px;text-align: center !important\">\n<div class=\"card-text\">\n<div style=\"text-align: center;font-size: 12px;font-weight: bold;padding:5px\"><i class=\"fa fa-envelope-o\"><\/i> tiagomarino@ufrrj.br<\/div>\n<p><a href=\"http:\/\/lattes.cnpq.br\/5153390186016718\" target=\"_blank\" title=\"Acesse o Curriculum Lattes\" style=\"text-align:center;font-size: 12px;font-weight: bold\" rel=\"noopener\"> <i class=\"fas fa-link\"><\/i> Curriculum Lattes<\/a><\/p>\n<p style=\"font-size: 13px !important;text-align: center;line-height:16px\"><b>Pesquisas:<\/b> Sistemas de Informa\u00e7\u00f5es Geogr\u00e1ficos; Geoprocessamento; Modelagem de Bancos de Dados Espaciais; Geoprocessamento Aplicado \u00e0 An\u00e1lise Ambiental; Resposta a Desastres Ambientais; Monitoramento de M\u00eddias Sociais no Apoio a Emerg\u00eancias.<\/p>\n<\/div>\n<\/div>\n<\/div>\n<\/div>\n<\/div>\n","protected":false},"excerpt":{"rendered":"<p>Docentes Andrea Carmo Sampaio andrea.c.sampaio@gmail.com Curriculum Lattes Pesquisas: Planejamento e meio-ambiente; pesquisa e an\u00e1lise socioambiental; uso do solo; educa\u00e7\u00e3o ambiental <a class=\"read-more\" href=\"https:\/\/institutos.ufrrj.br\/geociencias\/dg-corpo-docente\/ \" >&#8230; <span class=\"font-italic\">leia mais <i class=\"fas fa-angle-right\"><\/i><\/span><\/a><\/p>\n","protected":false},"author":75,"featured_media":0,"parent":0,"menu_order":0,"comment_status":"closed","ping_status":"closed","template":"","meta":{"_acf_changed":false,"_themeisle_gutenberg_block_has_review":false,"footnotes":""},"class_list":["post-684","page","type-page","status-publish","hentry"],"acf":[],"_links":{"self":[{"href":"https:\/\/institutos.ufrrj.br\/geociencias\/wp-json\/wp\/v2\/pages\/684","targetHints":{"allow":["GET"]}}],"collection":[{"href":"https:\/\/institutos.ufrrj.br\/geociencias\/wp-json\/wp\/v2\/pages"}],"about":[{"href":"https:\/\/institutos.ufrrj.br\/geociencias\/wp-json\/wp\/v2\/types\/page"}],"author":[{"embeddable":true,"href":"https:\/\/institutos.ufrrj.br\/geociencias\/wp-json\/wp\/v2\/users\/75"}],"replies":[{"embeddable":true,"href":"https:\/\/institutos.ufrrj.br\/geociencias\/wp-json\/wp\/v2\/comments?post=684"}],"version-history":[{"count":4,"href":"https:\/\/institutos.ufrrj.br\/geociencias\/wp-json\/wp\/v2\/pages\/684\/revisions"}],"predecessor-version":[{"id":725,"href":"https:\/\/institutos.ufrrj.br\/geociencias\/wp-json\/wp\/v2\/pages\/684\/revisions\/725"}],"wp:attachment":[{"href":"https:\/\/institutos.ufrrj.br\/geociencias\/wp-json\/wp\/v2\/media?parent=684"}],"curies":[{"name":"wp","href":"https:\/\/api.w.org\/{rel}","templated":true}]}}