{"id":2657,"date":"2023-07-13T14:28:43","date_gmt":"2023-07-13T17:28:43","guid":{"rendered":"https:\/\/institutos.ufrrj.br\/ichs\/?page_id=2657"},"modified":"2026-09-02T15:49:05","modified_gmt":"2026-09-02T18:49:05","slug":"auditorio-paulo-freire","status":"publish","type":"page","link":"https:\/\/institutos.ufrrj.br\/ichs\/auditorio-paulo-freire\/","title":{"rendered":"Audit\u00f3rio Paulo Freire"},"content":{"rendered":"<p><strong>Instru\u00e7\u00f5es gerais para agendamento do Audit\u00f3rio:<\/strong><\/p>\n<p>1. Os agendamentos ser\u00e3o realizados de acordo com a ordem cronol\u00f3gica das solicita\u00e7\u00f5es e realizados \u00fanica e exclusivamente atrav\u00e9s deste\u00a0<a href=\"https:\/\/forms.gle\/ecs5vSBKsPjJwmgB6\">formul\u00e1rio.<\/a>\u00a0Caso o hor\u00e1rio pretendido j\u00e1 tenha sido solicitado, e por ventura, ainda n\u00e3o tenha sido registrado na\u00a0<a href=\"https:\/\/calendar.google.com\/calendar\/embed?src=auditoriopaulofreire%40ufrrj.br&amp;ctz=America%2FSao_Paulo\">agenda,<\/a> emitiremos um comunicado para escolha de outra data\/hora.<\/p>\n<p>2. A reserva somente ser\u00e1 considerada confirmada ap\u00f3s o envio de e-mail de confirma\u00e7\u00e3o pela Secretaria Administrativa do ICHS. O preenchimento do formul\u00e1rio, por si s\u00f3, n\u00e3o garante a reserva do espa\u00e7o.<\/p>\n<p>3. N\u00e3o ser\u00e3o aceitas solicita\u00e7\u00f5es de agendamento realizadas com anteced\u00eancia superior a 3 (tr\u00eas) meses ou inferior a 7 (sete) dias da data pretendida.<\/p>\n\n\n<p>5. A utiliza\u00e7\u00e3o do audit\u00f3rio Paulo Freire tem como prioridade a realiza\u00e7\u00e3o de eventos. Dessa forma, para o agendamento de reuni\u00f5es, solicitamos que procurem outro espa\u00e7o, ou, na impossibilidade, o agendamento de reuni\u00f5es ser\u00e1 disponibilizado apenas mensalmente, ou seja, s\u00f3 ser\u00e3o aceitas solicita\u00e7\u00f5es de reuni\u00f5es para o m\u00eas seguinte.<\/p>\n\n\n\n<p>6. Para garantir um uso equilibrado do espa\u00e7o, cada evento poder\u00e1 ser agendado por, <strong>no m\u00e1ximo,&nbsp;tr\u00eas dias na mesma semana<\/strong>, e at\u00e9&nbsp;<strong>dois per\u00edodos por dia.<\/strong><\/p>\n\n\n\n<p>7. Toda solicita\u00e7\u00e3o de agendamento dever\u00e1 ser feita por um&nbsp;<strong>servidor <\/strong>respons\u00e1vel, que ficar\u00e1 encarregado pela organiza\u00e7\u00e3o e pelo cumprimento das regras estabelecidas.<\/p>\n\n\n\n<p>8. Em caso de desist\u00eancia, envie um e-mail para auditoriopaulofreire@ufrrj.br. Tal comunica\u00e7\u00e3o \u00e9 de suma import\u00e2ncia para disponibilizarmos o espa\u00e7o para outros interessados.<\/p>\n\n\n\n<p><\/p>\n\n\n\n<p>FORMUL\u00c1RIO DE AGENDAMENTO:<\/p>\n\n\n\n<p><a href=\"https:\/\/forms.gle\/ecs5vSBKsPjJwmgB6\">https:\/\/forms.gle\/ecs5vSBKsPjJwmgB6<\/a><\/p>\n\n\n\n<p>AGENDA DO AUDIT\u00d3RIO:<\/p>\n\n\n\n<p><a href=\"https:\/\/calendar.google.com\/calendar\/embed?src=auditoriopaulofreire%40ufrrj.br&amp;ctz=America%2FSao_Paulo\">https:\/\/calendar.google.com\/calendar\/embed?src=auditoriopaulofreire%40ufrrj.br&amp;ctz=America%2FSao_Paulo<\/a><\/p>\n\n\n\n<p><\/p>\n","protected":false},"excerpt":{"rendered":"<p>Instru\u00e7\u00f5es gerais para agendamento do Audit\u00f3rio: 1. Os agendamentos ser\u00e3o realizados de acordo com a ordem cronol\u00f3gica das solicita\u00e7\u00f5es e realizados \u00fanica [&hellip;]<\/p>\n","protected":false},"author":57,"featured_media":0,"parent":0,"menu_order":0,"comment_status":"closed","ping_status":"closed","template":"","meta":{"_acf_changed":false,"_themeisle_gutenberg_block_has_review":false,"footnotes":"","_links_to":"","_links_to_target":""},"class_list":["post-2657","page","type-page","status-publish","hentry"],"acf":[],"yoast_head":"<!-- This site is optimized with the Yoast SEO plugin v26.8 - https:\/\/yoast.com\/product\/yoast-seo-wordpress\/ -->\n<title>Audit\u00f3rio Paulo Freire - ICHS - Instituto de Ci\u00eancias Humanas e Sociais<\/title>\n<meta name=\"robots\" content=\"index, follow, max-snippet:-1, max-image-preview:large, max-video-preview:-1\" \/>\n<link rel=\"canonical\" href=\"https:\/\/institutos.ufrrj.br\/ichs\/auditorio-paulo-freire\/\" \/>\n<meta property=\"og:locale\" content=\"pt_BR\" \/>\n<meta property=\"og:type\" content=\"article\" \/>\n<meta property=\"og:title\" content=\"Audit\u00f3rio Paulo Freire - ICHS - Instituto de Ci\u00eancias Humanas e Sociais\" \/>\n<meta property=\"og:description\" content=\"Instru\u00e7\u00f5es gerais para agendamento do Audit\u00f3rio: 1. Os agendamentos ser\u00e3o realizados de acordo com a ordem cronol\u00f3gica das solicita\u00e7\u00f5es e realizados \u00fanica [&hellip;]\" \/>\n<meta property=\"og:url\" content=\"https:\/\/institutos.ufrrj.br\/ichs\/auditorio-paulo-freire\/\" \/>\n<meta property=\"og:site_name\" content=\"ICHS - Instituto de Ci\u00eancias Humanas e Sociais\" \/>\n<meta property=\"article:publisher\" content=\"https:\/\/www.facebook.com\/people\/Instituto-de-Cincias-Humanas-e-Sociais-ichsufrrj\/100064717788841\/\" \/>\n<meta property=\"article:modified_time\" content=\"2026-09-02T18:49:05+00:00\" \/>\n<meta name=\"twitter:card\" content=\"summary_large_image\" \/>\n<meta name=\"twitter:label1\" content=\"Est. tempo de leitura\" \/>\n\t<meta name=\"twitter:data1\" content=\"2 minutos\" \/>\n<script type=\"application\/ld+json\" class=\"yoast-schema-graph\">{\"@context\":\"https:\/\/schema.org\",\"@graph\":[{\"@type\":\"WebPage\",\"@id\":\"https:\/\/institutos.ufrrj.br\/ichs\/auditorio-paulo-freire\/\",\"url\":\"https:\/\/institutos.ufrrj.br\/ichs\/auditorio-paulo-freire\/\",\"name\":\"Audit\u00f3rio Paulo Freire - ICHS - Instituto de Ci\u00eancias Humanas e Sociais\",\"isPartOf\":{\"@id\":\"https:\/\/institutos.ufrrj.br\/ichs\/#website\"},\"datePublished\":\"2023-07-13T17:28:43+00:00\",\"dateModified\":\"2026-09-02T18:49:05+00:00\",\"breadcrumb\":{\"@id\":\"https:\/\/institutos.ufrrj.br\/ichs\/auditorio-paulo-freire\/#breadcrumb\"},\"inLanguage\":\"pt-BR\",\"potentialAction\":[{\"@type\":\"ReadAction\",\"target\":[\"https:\/\/institutos.ufrrj.br\/ichs\/auditorio-paulo-freire\/\"]}]},{\"@type\":\"BreadcrumbList\",\"@id\":\"https:\/\/institutos.ufrrj.br\/ichs\/auditorio-paulo-freire\/#breadcrumb\",\"itemListElement\":[{\"@type\":\"ListItem\",\"position\":1,\"name\":\"In\u00edcio\",\"item\":\"https:\/\/institutos.ufrrj.br\/ichs\/\"},{\"@type\":\"ListItem\",\"position\":2,\"name\":\"Audit\u00f3rio Paulo Freire\"}]},{\"@type\":\"WebSite\",\"@id\":\"https:\/\/institutos.ufrrj.br\/ichs\/#website\",\"url\":\"https:\/\/institutos.ufrrj.br\/ichs\/\",\"name\":\"ICHS - Instituto de Ci\u00eancias Humanas e Sociais\",\"description\":\"UFRRJ\",\"publisher\":{\"@id\":\"https:\/\/institutos.ufrrj.br\/ichs\/#organization\"},\"potentialAction\":[{\"@type\":\"SearchAction\",\"target\":{\"@type\":\"EntryPoint\",\"urlTemplate\":\"https:\/\/institutos.ufrrj.br\/ichs\/?s={search_term_string}\"},\"query-input\":{\"@type\":\"PropertyValueSpecification\",\"valueRequired\":true,\"valueName\":\"search_term_string\"}}],\"inLanguage\":\"pt-BR\"},{\"@type\":\"Organization\",\"@id\":\"https:\/\/institutos.ufrrj.br\/ichs\/#organization\",\"name\":\"UFRRJ - Universidade Federal Rural do Rio de Janeiro\",\"url\":\"https:\/\/institutos.ufrrj.br\/ichs\/\",\"logo\":{\"@type\":\"ImageObject\",\"inLanguage\":\"pt-BR\",\"@id\":\"https:\/\/institutos.ufrrj.br\/ichs\/#\/schema\/logo\/image\/\",\"url\":\"https:\/\/institutos.ufrrj.br\/ichs\/wp-content\/uploads\/sites\/100\/2026\/01\/ichs-removebg-preview.png\",\"contentUrl\":\"https:\/\/institutos.ufrrj.br\/ichs\/wp-content\/uploads\/sites\/100\/2026\/01\/ichs-removebg-preview.png\",\"width\":500,\"height\":500,\"caption\":\"UFRRJ - Universidade Federal Rural do Rio de Janeiro\"},\"image\":{\"@id\":\"https:\/\/institutos.ufrrj.br\/ichs\/#\/schema\/logo\/image\/\"},\"sameAs\":[\"https:\/\/www.facebook.com\/people\/Instituto-de-Cincias-Humanas-e-Sociais-ichsufrrj\/100064717788841\/\"]}]}<\/script>\n<!-- \/ Yoast SEO plugin. -->","yoast_head_json":{"title":"Audit\u00f3rio Paulo Freire - ICHS - Instituto de Ci\u00eancias Humanas e Sociais","robots":{"index":"index","follow":"follow","max-snippet":"max-snippet:-1","max-image-preview":"max-image-preview:large","max-video-preview":"max-video-preview:-1"},"canonical":"https:\/\/institutos.ufrrj.br\/ichs\/auditorio-paulo-freire\/","og_locale":"pt_BR","og_type":"article","og_title":"Audit\u00f3rio Paulo Freire - ICHS - Instituto de Ci\u00eancias Humanas e Sociais","og_description":"Instru\u00e7\u00f5es gerais para agendamento do Audit\u00f3rio: 1. Os agendamentos ser\u00e3o realizados de acordo com a ordem cronol\u00f3gica das solicita\u00e7\u00f5es e realizados \u00fanica [&hellip;]","og_url":"https:\/\/institutos.ufrrj.br\/ichs\/auditorio-paulo-freire\/","og_site_name":"ICHS - Instituto de Ci\u00eancias Humanas e Sociais","article_publisher":"https:\/\/www.facebook.com\/people\/Instituto-de-Cincias-Humanas-e-Sociais-ichsufrrj\/100064717788841\/","article_modified_time":"2026-09-02T18:49:05+00:00","twitter_card":"summary_large_image","twitter_misc":{"Est. tempo de leitura":"2 minutos"},"schema":{"@context":"https:\/\/schema.org","@graph":[{"@type":"WebPage","@id":"https:\/\/institutos.ufrrj.br\/ichs\/auditorio-paulo-freire\/","url":"https:\/\/institutos.ufrrj.br\/ichs\/auditorio-paulo-freire\/","name":"Audit\u00f3rio Paulo Freire - ICHS - Instituto de Ci\u00eancias Humanas e Sociais","isPartOf":{"@id":"https:\/\/institutos.ufrrj.br\/ichs\/#website"},"datePublished":"2023-07-13T17:28:43+00:00","dateModified":"2026-09-02T18:49:05+00:00","breadcrumb":{"@id":"https:\/\/institutos.ufrrj.br\/ichs\/auditorio-paulo-freire\/#breadcrumb"},"inLanguage":"pt-BR","potentialAction":[{"@type":"ReadAction","target":["https:\/\/institutos.ufrrj.br\/ichs\/auditorio-paulo-freire\/"]}]},{"@type":"BreadcrumbList","@id":"https:\/\/institutos.ufrrj.br\/ichs\/auditorio-paulo-freire\/#breadcrumb","itemListElement":[{"@type":"ListItem","position":1,"name":"In\u00edcio","item":"https:\/\/institutos.ufrrj.br\/ichs\/"},{"@type":"ListItem","position":2,"name":"Audit\u00f3rio Paulo Freire"}]},{"@type":"WebSite","@id":"https:\/\/institutos.ufrrj.br\/ichs\/#website","url":"https:\/\/institutos.ufrrj.br\/ichs\/","name":"ICHS - Instituto de Ci\u00eancias Humanas e Sociais","description":"UFRRJ","publisher":{"@id":"https:\/\/institutos.ufrrj.br\/ichs\/#organization"},"potentialAction":[{"@type":"SearchAction","target":{"@type":"EntryPoint","urlTemplate":"https:\/\/institutos.ufrrj.br\/ichs\/?s={search_term_string}"},"query-input":{"@type":"PropertyValueSpecification","valueRequired":true,"valueName":"search_term_string"}}],"inLanguage":"pt-BR"},{"@type":"Organization","@id":"https:\/\/institutos.ufrrj.br\/ichs\/#organization","name":"UFRRJ - Universidade Federal Rural do Rio de Janeiro","url":"https:\/\/institutos.ufrrj.br\/ichs\/","logo":{"@type":"ImageObject","inLanguage":"pt-BR","@id":"https:\/\/institutos.ufrrj.br\/ichs\/#\/schema\/logo\/image\/","url":"https:\/\/institutos.ufrrj.br\/ichs\/wp-content\/uploads\/sites\/100\/2026\/01\/ichs-removebg-preview.png","contentUrl":"https:\/\/institutos.ufrrj.br\/ichs\/wp-content\/uploads\/sites\/100\/2026\/01\/ichs-removebg-preview.png","width":500,"height":500,"caption":"UFRRJ - Universidade Federal Rural do Rio de Janeiro"},"image":{"@id":"https:\/\/institutos.ufrrj.br\/ichs\/#\/schema\/logo\/image\/"},"sameAs":["https:\/\/www.facebook.com\/people\/Instituto-de-Cincias-Humanas-e-Sociais-ichsufrrj\/100064717788841\/"]}]}},"_links":{"self":[{"href":"https:\/\/institutos.ufrrj.br\/ichs\/wp-json\/wp\/v2\/pages\/2657","targetHints":{"allow":["GET"]}}],"collection":[{"href":"https:\/\/institutos.ufrrj.br\/ichs\/wp-json\/wp\/v2\/pages"}],"about":[{"href":"https:\/\/institutos.ufrrj.br\/ichs\/wp-json\/wp\/v2\/types\/page"}],"author":[{"embeddable":true,"href":"https:\/\/institutos.ufrrj.br\/ichs\/wp-json\/wp\/v2\/users\/57"}],"replies":[{"embeddable":true,"href":"https:\/\/institutos.ufrrj.br\/ichs\/wp-json\/wp\/v2\/comments?post=2657"}],"version-history":[{"count":11,"href":"https:\/\/institutos.ufrrj.br\/ichs\/wp-json\/wp\/v2\/pages\/2657\/revisions"}],"predecessor-version":[{"id":3603,"href":"https:\/\/institutos.ufrrj.br\/ichs\/wp-json\/wp\/v2\/pages\/2657\/revisions\/3603"}],"wp:attachment":[{"href":"https:\/\/institutos.ufrrj.br\/ichs\/wp-json\/wp\/v2\/media?parent=2657"}],"curies":[{"name":"wp","href":"https:\/\/api.w.org\/{rel}","templated":true}]}}